{"id":1886,"date":"2024-11-04T16:44:35","date_gmt":"2024-11-04T16:44:35","guid":{"rendered":"https:\/\/aceldepo.hu\/?page_id=1886"},"modified":"2024-11-04T16:44:37","modified_gmt":"2024-11-04T16:44:37","slug":"altalanos-szerzodesi-feltetelek","status":"publish","type":"page","link":"https:\/\/aceldepo.hu\/index.php\/altalanos-szerzodesi-feltetelek\/","title":{"rendered":"\u00c1ltal\u00e1nos Szerz\u0151d\u00e9si Felt\u00e9telek"},"content":{"rendered":"\n<p class=\"wp-block-paragraph\"><strong>1. BEVEZET\u00c9S<\/strong><\/p>\n\n\n\n<p class=\"wp-block-paragraph\">1.1. A jelen \u00c1ltal\u00e1nos Szerz\u0151d\u00e9si Felt\u00e9telek (a tov\u00e1bbiakban: \u00c1SZF) az <strong>Ac\u00e9ldep\u00f3 Hungary Kft.<\/strong> (Sz\u00e9khely: 6400 Kiskunhalas, \u00c1tl\u00f3s \u00fat 36., c\u00e9gjegyz\u00e9ksz\u00e1m: 03-09-134505 ad\u00f3sz\u00e1m: 28998493-2-03; telefonsz\u00e1m: +36 70 600 2024; e-mail:iroda@aceldepo.hu ; weboldal: www.aceldepo.hu; a tov\u00e1bbiakban: <strong>Elad\u00f3<\/strong>) \u00e1ltal \u00fczemeltetett www.aceldepo.hu weboldalon (a tov\u00e1bbiakban: <strong>Weboldal<\/strong>) \u00e9s az Elad\u00f3 telephely\u00e9n el\u00e9rhet\u0151 term\u00e9kek \u00e9s szolg\u00e1ltat\u00e1sok (a tov\u00e1bbiakban: <strong>Term\u00e9kek<\/strong>) ig\u00e9nybe vev\u0151je (a tov\u00e1bbiakban: <strong>Vev\u0151<\/strong>) k\u00f6z\u00f6tti \u00e1ltal\u00e1nos szerz\u0151d\u00e9si felt\u00e9teleket, a felek jogait \u00e9s k\u00f6telezetts\u00e9geit tartalmazza a vonatkoz\u00f3 jogszab\u00e1lyi rendelkez\u00e9sekkel \u00f6sszhangban. Elad\u00f3 \u00e9s Vev\u0151 a tov\u00e1bbiakban egy\u00fcttesen: <strong>Felek<\/strong>.<\/p>\n\n\n\n<p class=\"wp-block-paragraph\">1.2. Az Ac\u00e9ldep\u00f3 Hungary Kft., mint a www.aceldepo.hu weboldal \u00fczemeltet\u0151je fenntartja jog\u00e1t a jelen \u00c1SZF egyoldal\u00fa m\u00f3dos\u00edt\u00e1s\u00e1ra a hat\u00e1lyos jogszab\u00e1lyok betart\u00e1sa mellett. A m\u00f3dos\u00edt\u00e1sr\u00f3l az Ac\u00e9ldep\u00f3 Hungary Kft. r\u00f6vid felh\u00edv\u00e1s form\u00e1j\u00e1ban t\u00e1j\u00e9koztathatja Felhaszn\u00e1l\u00f3it, amelyet a www.aceldepo.hu weboldalon erre a c\u00e9lra szolg\u00e1l\u00f3 fel\u00fcleten tesz k\u00f6zz\u00e9.<\/p>\n\n\n\n<p class=\"wp-block-paragraph\">1.3. A m\u00f3dos\u00edt\u00e1st a felek \u00e1ltal megk\u00f6t\u00f6tt, m\u00e1r teljes\u00edtett szerz\u0151d\u00e9seket nem \u00e9rinti, azokra a megk\u00f6t\u00e9s napj\u00e1n hat\u00e1lyos \u00c1SZF rendelkez\u00e9sei az ir\u00e1nyad\u00f3ak.<\/p>\n\n\n\n<p class=\"wp-block-paragraph\">1.4. Az Elad\u00f3 \u00e1rusz\u00e1ll\u00edt\u00e1si tev\u00e9kenys\u00e9get kiz\u00e1r\u00f3lag Magyarorsz\u00e1g ter\u00fclet\u00e9n v\u00e9gez. Magyarorsz\u00e1g ter\u00fclet\u00e9n k\u00edv\u00fclre t\u00f6rt\u00e9n\u0151 megrendel\u00e9sek eset\u00e9n a term\u00e9k Elad\u00f3 telephely\u00e9r\u0151l t\u00f6rt\u00e9n\u0151 elsz\u00e1ll\u00edt\u00e1s\u00e1nak k\u00f6telezetts\u00e9ge a Vev\u0151t terheli. &nbsp;<\/p>\n\n\n\n<p class=\"wp-block-paragraph\"><strong>2. FOGALOMMEGHAT\u00c1ROZ\u00c1SOK<\/strong><\/p>\n\n\n\n<p class=\"wp-block-paragraph\">2.1. <strong>Aj\u00e1nlatk\u00e9r\u00e9s:<\/strong> Aj\u00e1nlatk\u00e9r\u00e9s lehets\u00e9ges a weboldalon kereszt\u00fcl, e-mailben, telefonon vagy szem\u00e9lyesen.<\/p>\n\n\n\n<p class=\"wp-block-paragraph\">2.2. <strong>Elad\u00e1si \u00e1r:<\/strong> Az aj\u00e1nlatban szerepl\u0151 egyedi \u00e1r, ami a nett\u00f3 \u00e1r + a mindenkori hat\u00e1lyos jogszab\u00e1lyok szerinti \u00c1FA \u00f6sszeg\u00e9b\u0151l \u00e1ll. Az aj\u00e1nlatban szerepl\u0151 \u00e1r kiz\u00e1r\u00f3lag az aj\u00e1nlatban megadott \u00e9rv\u00e9nyess\u00e9gi id\u0151n bel\u00fcl vehet\u0151 figyelembe. Az aj\u00e1nlat lej\u00e1rat\u00e1t k\u00f6vet\u0151en minden alkalommal \u00e1rfriss\u00edt\u00e9st sz\u00fcks\u00e9ges k\u00e9rni. &nbsp;<\/p>\n\n\n\n<p class=\"wp-block-paragraph\">2.3. <strong>Szerz\u0151d\u00e9s:<\/strong> A szerz\u0151d\u00e9s a Felek k\u00f6z\u00f6tt a Weboldalon vagy az Elad\u00f3 telephely\u00e9n megjelen\u00edtett Term\u00e9kek \u00e9rt\u00e9kes\u00edt\u00e9se\/megv\u00e1s\u00e1rl\u00e1sa t\u00e1rgy\u00e1ban a jelen \u00c1SZF-ben foglaltak szerint j\u00f6n l\u00e9tre. A szerz\u0151d\u00e9sk\u00f6t\u00e9s nyelve magyar. A szerz\u0151d\u00e9s nem min\u0151s\u00fcl \u00edr\u00e1sba foglalt szerz\u0151d\u00e9snek. A szerz\u0151d\u00e9s az Elad\u00f3 \u00e1ltal ki\u00e1ll\u00edtott el\u0151leg-, vagy v\u00e9gsz\u00e1mla ki\u00e1ll\u00edt\u00e1s\u00e1val egyidej\u0171leg l\u00e9p hat\u00e1lyba.<\/p>\n\n\n\n<p class=\"wp-block-paragraph\">2.4. <strong>Gy\u00e1rt\u00f3:<\/strong> Az Elad\u00f3 \u00e1ltal megv\u00e9telre k\u00edn\u00e1lt Term\u00e9ket gy\u00e1rt\u00f3 c\u00e9g.<\/p>\n\n\n\n<p class=\"wp-block-paragraph\"><strong>3. MEGRENDEL\u00c9S<\/strong><\/p>\n\n\n\n<p class=\"wp-block-paragraph\">3.1. <strong>Megrendel\u00e9s fogalma:<\/strong> Az Elad\u00f3 \u00e1ltal megv\u00e9telre k\u00edn\u00e1lt Term\u00e9kek lesz\u00e1ll\u00edt\u00e1s\u00e1ra, \u00e9s\/vagy szolg\u00e1ltat\u00e1sok ny\u00fajt\u00e1s\u00e1ra vonatkoz\u00f3 megb\u00edz\u00e1s.<\/p>\n\n\n\n<p class=\"wp-block-paragraph\">3.2. <strong>Megrendel\u00e9s folyamata:<\/strong><\/p>\n\n\n\n<p class=\"wp-block-paragraph\">3.2.1. A Vev\u0151 a Weboldalon vagy az Elad\u00f3 telephely\u00e9n tal\u00e1lhat\u00f3 Term\u00e9kekre \u00e1raj\u00e1nlatot k\u00e9rhet. Az aj\u00e1nlatk\u00e9r\u00e9s\u00e9ben pontosan felt\u00fcnteti az ig\u00e9nyelt Term\u00e9k param\u00e9tereit (mennyis\u00e9g, t\u00edpus, m\u0171szaki param\u00e9terek stb.).<\/p>\n\n\n\n<p class=\"wp-block-paragraph\">3.2.2. A Vev\u0151 a bek\u00fcld\u00f6tt adatok alapj\u00e1n \u00e1raj\u00e1nlatot kap az Elad\u00f3t\u00f3l. A Vev\u0151 az e-mailben kapott \u00e1raj\u00e1nlatot a jelen \u00c1SZF elfogad\u00e1s\u00e1t k\u00f6vet\u0151en tudja visszaigazolni, ami alapj\u00e1n d\u00edjbek\u00e9r\u0151t kap. Szem\u00e9lyesen, az Elad\u00f3 telephely\u00e9n leadott megrendel\u00e9s eset\u00e9n a Vev\u0151 kijelenti, hogy az \u00c1SZF-et megismerte, elolvasta, meg\u00e9rtette \u00e9s tartalm\u00e1t elfogadja. A d\u00edjbek\u00e9r\u0151n szerepl\u0151 \u00f6sszeg Elad\u00f3 r\u00e9sz\u00e9re t\u00f6rt\u00e9n\u0151 megfizet\u00e9s\u00e9t k\u00f6vet\u0151en v\u00e1lik a rendel\u00e9se v\u00e9glegess\u00e9.<\/p>\n\n\n\n<p class=\"wp-block-paragraph\">3.2.3. A megrendel\u00e9s v\u00e9gleges\u00edt\u00e9s\u00e9vel a Vev\u0151 kijelenti, hogy az \u00e1ltala megadott adatok a val\u00f3s\u00e1gnak megfelelnek, \u00e9s hozz\u00e1j\u00e1rul ahhoz, hogy az Elad\u00f3 azokat a megrendel\u00e9s teljes\u00edt\u00e9se c\u00e9lj\u00e1b\u00f3l felhaszn\u00e1lja, kezelje.<\/p>\n\n\n\n<p class=\"wp-block-paragraph\">3.2.4. A megrendel\u00e9s v\u00e9gleges\u00edt\u00e9s\u00e9vel a Vev\u0151 tudom\u00e1sul veszi, hogy fizet\u00e9si k\u00f6telezetts\u00e9ge keletkezik az Elad\u00f3 fel\u00e9.<\/p>\n\n\n\n<p class=\"wp-block-paragraph\">3.3. <strong>Megrendel\u00e9s visszaigazol\u00e1sa, szerz\u0151d\u00e9s l\u00e9trej\u00f6tte:<\/strong><\/p>\n\n\n\n<p class=\"wp-block-paragraph\">3.3.1. A megrendel\u00e9s visszaigazol\u00e1sa t\u00f6rt\u00e9nhet e-mailben, telefonon vagy szem\u00e9lyesen. A megrendel\u00e9s t\u00e9ny\u00e9r\u0151l visszaigazol\u00e1st \u00e9s d\u00edjbek\u00e9r\u0151t k\u00fcld az Elad\u00f3. A Vev\u0151 a d\u00edjbek\u00e9r\u0151n szerepl\u0151 hat\u00e1rid\u0151n bel\u00fcl k\u00f6teles az utal\u00e1st teljes\u00edteni. Amennyiben a Vev\u0151 az el\u0151leg utal\u00e1s\u00e1t teljes\u00edtette \u00e9s az \u00f6sszeg az Elad\u00f3 sz\u00e1ml\u00e1j\u00e1n megjelenik, az Elad\u00f3 ki\u00e1ll\u00edtja az el\u0151legsz\u00e1ml\u00e1t, amivel egyidej\u0171leg a szerz\u0151d\u00e9s a Felek k\u00f6z\u00f6tt l\u00e9trej\u00f6n.<\/p>\n\n\n\n<p class=\"wp-block-paragraph\">3.3.2. <strong>El\u00e1ll\u00e1s:<\/strong> El\u00e1ll\u00e1s eset\u00e9n az el\u0151leg megfizet\u00e9se ut\u00e1n a Vev\u0151 k\u00f6teles egyeztetni az Elad\u00f3val. Amennyiben a rendelt Term\u00e9k gy\u00e1rt\u00e1sa m\u00e1r folyamatban van, \u00fagy az el\u00e1ll\u00e1s nem lehets\u00e9ges, csak ha a Felek k\u00f6z\u00f6tt egyedi meg\u00e1llapod\u00e1s sz\u00fcletik. Amennyiben a rendelt Term\u00e9k gy\u00e1rt\u00e1sa m\u00e9g nem kezd\u0151d\u00f6tt meg, \u00fagy az el\u0151leg 90%-a Vev\u0151 r\u00e9sz\u00e9re visszautal\u00e1sra ker\u00fcl, a visszatartott 10% az Elad\u00f3 k\u00f6lts\u00e9geit fedezi. Vev\u0151 a felmer\u00fclt k\u00f6lts\u00e9gek igazol\u00e1s\u00e1r\u00f3l sz\u00e1ml\u00e1t kap. &nbsp;<\/p>\n\n\n\n<p class=\"wp-block-paragraph\"><strong>4. SZ\u00c1LL\u00cdT\u00c1S<\/strong><\/p>\n\n\n\n<p class=\"wp-block-paragraph\">4.1. Az Elad\u00f3 v\u00e1llalja, hogy ig\u00e9ny eset\u00e9n a megrendelt Term\u00e9ket a Vev\u0151 \u00e1ltal a megrendel\u00e9s sor\u00e1n r\u00f6gz\u00edtett magyarorsz\u00e1gi sz\u00e1ll\u00edt\u00e1si c\u00edmre elsz\u00e1ll\u00edtja.<\/p>\n\n\n\n<p class=\"wp-block-paragraph\">4.2. Azon Vev\u0151k, akik nem k\u00e9rnek h\u00e1zhozsz\u00e1ll\u00edt\u00e1st, a megrendelt Term\u00e9ket az Elad\u00f3 telephely\u00e9n vehetik \u00e1t szem\u00e9lyesen. A szem\u00e9lyes \u00e1tv\u00e9telre el\u0151zetesen id\u0151pontot kell egyeztetni az Elad\u00f3val.<\/p>\n\n\n\n<p class=\"wp-block-paragraph\">4.3. Az Elad\u00f3 biztos\u00edtja a megrendelt Term\u00e9k megfelel\u0151 csomagol\u00e1s\u00e1t, \u00e9s a k\u00eds\u00e9r\u0151 dokumentumok megk\u00fcld\u00e9s\u00e9t\/\u00e1tad\u00e1s\u00e1t.<\/p>\n\n\n\n<p class=\"wp-block-paragraph\">4.4. Az Elad\u00f3 a h\u00e1zhozsz\u00e1ll\u00edt\u00e1st kiz\u00e1r\u00f3lag magyarorsz\u00e1gi c\u00edmre v\u00e1llalja.<\/p>\n\n\n\n<p class=\"wp-block-paragraph\">4.5. Az Elad\u00f3 el\u0151zetesen t\u00e1j\u00e9koztatja a Vev\u0151t a sz\u00e1ll\u00edt\u00e1s k\u00f6lts\u00e9g\u00e9r\u0151l \u00e9s a Term\u00e9k kisz\u00e1ll\u00edt\u00e1s\u00e1nak v\u00e1rhat\u00f3 id\u0151pontj\u00e1r\u00f3l.<\/p>\n\n\n\n<p class=\"wp-block-paragraph\">4.6. A Term\u00e9kek mennyis\u00e9gi \u00e9s min\u0151s\u00e9gi \u00e1tv\u00e9tele a kisz\u00e1ll\u00edt\u00e1skor t\u00f6rt\u00e9nik.<\/p>\n\n\n\n<p class=\"wp-block-paragraph\">4.7. A Vev\u0151 k\u00f6teles al\u00e1\u00edrni a sz\u00e1ll\u00edt\u00e1si dokumentumokat.<\/p>\n\n\n\n<p class=\"wp-block-paragraph\">4.8. A Vev\u0151 k\u00f6teles biztos\u00edtani a kisz\u00e1ll\u00edt\u00e1s helysz\u00edn\u00e9nek teheraut\u00f3val t\u00f6rt\u00e9n\u0151 megk\u00f6zel\u00edthet\u0151s\u00e9g\u00e9t.<\/p>\n\n\n\n<p class=\"wp-block-paragraph\">4.9. A Term\u00e9knek a sz\u00e1ll\u00edt\u00f3 j\u00e1rm\u0171r\u0151l t\u00f6rt\u00e9n\u0151 lerakod\u00e1s\u00e1nak elv\u00e9gz\u00e9se a Vev\u0151 feladata \u00e9s k\u00f6lts\u00e9ge.<\/p>\n\n\n\n<p class=\"wp-block-paragraph\">4.10. Ha a kisz\u00e1ll\u00edt\u00e1s helysz\u00edn\u00e9re a bej\u00e1r\u00e1s csak speci\u00e1lis enged\u00e9llyel lehets\u00e9ges, a Vev\u0151 k\u00f6teles azt megszerezni.<\/p>\n","protected":false},"excerpt":{"rendered":"<p>1. BEVEZET\u00c9S 1.1. A jelen \u00c1ltal\u00e1nos Szerz\u0151d\u00e9si Felt\u00e9telek (a tov\u00e1bbiakban: \u00c1SZF) az Ac\u00e9ldep\u00f3 Hungary Kft. (Sz\u00e9khely: 6400 Kiskunhalas, \u00c1tl\u00f3s \u00fat 36., c\u00e9gjegyz\u00e9ksz\u00e1m: 03-09-134505 ad\u00f3sz\u00e1m: 28998493-2-03;&#8230;<\/p>\n","protected":false},"author":2,"featured_media":0,"parent":0,"menu_order":0,"comment_status":"closed","ping_status":"closed","template":"","meta":{"footnotes":""},"class_list":["post-1886","page","type-page","status-publish","hentry"],"_links":{"self":[{"href":"https:\/\/aceldepo.hu\/index.php\/wp-json\/wp\/v2\/pages\/1886","targetHints":{"allow":["GET"]}}],"collection":[{"href":"https:\/\/aceldepo.hu\/index.php\/wp-json\/wp\/v2\/pages"}],"about":[{"href":"https:\/\/aceldepo.hu\/index.php\/wp-json\/wp\/v2\/types\/page"}],"author":[{"embeddable":true,"href":"https:\/\/aceldepo.hu\/index.php\/wp-json\/wp\/v2\/users\/2"}],"replies":[{"embeddable":true,"href":"https:\/\/aceldepo.hu\/index.php\/wp-json\/wp\/v2\/comments?post=1886"}],"version-history":[{"count":1,"href":"https:\/\/aceldepo.hu\/index.php\/wp-json\/wp\/v2\/pages\/1886\/revisions"}],"predecessor-version":[{"id":1887,"href":"https:\/\/aceldepo.hu\/index.php\/wp-json\/wp\/v2\/pages\/1886\/revisions\/1887"}],"wp:attachment":[{"href":"https:\/\/aceldepo.hu\/index.php\/wp-json\/wp\/v2\/media?parent=1886"}],"curies":[{"name":"wp","href":"https:\/\/api.w.org\/{rel}","templated":true}]}}